{"id":29,"date":"2014-11-05T17:10:06","date_gmt":"2014-11-05T16:10:06","guid":{"rendered":"https:\/\/www.jeannebarret.fr\/?page_id=29"},"modified":"2020-03-12T17:10:30","modified_gmt":"2020-03-12T16:10:30","slug":"tables-des-matieres","status":"publish","type":"page","link":"https:\/\/www.jeannebarret.fr\/?page_id=29","title":{"rendered":"Tables des mati\u00e8res"},"content":{"rendered":"<div class=\"vc_row wpb_row vc_row-fluid\">\n\t<div class=\"vc_col-sm-12 wpb_column vc_column_container\">\n\t\t<div class=\"wpb_wrapper\">\n\t\t\t\n\t<div class=\"wpb_accordion wpb_content_element  not-column-inherit\" data-collapsible=no data-active-tab=\"0\">\n\t\t<div class=\"wpb_wrapper wpb_accordion_wrapper ui-accordion\">\n\t\t\t\n\t\t\t<div class=\"wpb_accordion_section group\">\n\t\t\t\t<h3 class=\"wpb_accordion_header ui-accordion-header\"><a href=\"#0-accueil\">0 \u2013 Accueil.<\/a><\/h3>\n\t\t\t\t<div class=\"wpb_accordion_content ui-accordion-content vc_clearfix\">Section vide. \u00c9ditez une page pour ajouter du contenu ici\n\t\t\t\t<\/div>\n\t\t\t<\/div> \n\n\t\t\t<div class=\"wpb_accordion_section group\">\n\t\t\t\t<h3 class=\"wpb_accordion_header ui-accordion-header\"><a href=\"#1-en-preliminaire\">1 - En pr\u00e9liminaire.<\/a><\/h3>\n\t\t\t\t<div class=\"wpb_accordion_content ui-accordion-content vc_clearfix\">\n\t\t\t\t\n\t<div class=\"wpb_text_column wpb_content_element \">\n\t\t<div class=\"wpb_wrapper\">\n\t\t\t<p><a href=\"https:\/\/www.jeannebarret.fr\/wp-content\/uploads\/2020\/03\/SITE-pr\u00e9liminaire-1-1-Hommage-des-auteurs.pdf\" target=\"_blank\">1 \u2013 1 Hommage des auteurs.<\/a><\/p>\n<p><a href=\"https:\/\/www.jeannebarret.fr\/wp-content\/uploads\/2020\/03\/1-\u2013-2-Avertissement-site-2014-et-2020..pdf\" target=\"_blank\">1 \u2013 2 Avertissement\u00a0: site 2014 et 2020.<\/a><\/p>\n<p><a href=\"https:\/\/www.jeannebarret.fr\/wp-content\/uploads\/2020\/03\/SITE-pr\u00e9liminaire-1-3-Vraie-histoire-de-Jeanne-Barret.pdf\" target=\"_blank\">1 \u2013 3 Pour une vraie histoire de Jeanne Barret.<\/a><\/p>\n<p><a href=\"https:\/\/www.jeannebarret.fr\/wp-content\/uploads\/2020\/03\/SITE-pr\u00e9liminaire-1-4-Portrait-physique-de-Jeanne-Barret.pdf\" target=\"_blank\">1 \u2013 4 Portrait physique de Jeanne Barret.<\/a><\/p>\n<p>1 \u2013 5 Jeanne Barret et P.Commerson\u00a0: chronologie<em><strong> (en cours de d\u00e9veloppement)<\/strong>.<\/em><\/p>\n<p>1 \u2013 6 L\u2019exp\u00e9dition du tour du monde de Bougainvile\u00a0: chronologie<em><strong> (en cours de d\u00e9veloppement)<\/strong>.<\/em><\/p>\n<p>1 \u2013 7 Jeanne Barret\u00a0: chronologie<em><strong> (en cours de d\u00e9veloppement)<\/strong>.<\/em><\/p>\n<p>1 \u2013 8 Philibert Commerson\u00a0: chronologie<em><strong> (en cours de d\u00e9veloppement)<\/strong>.<\/em><\/p>\n<p><a href=\"https:\/\/www.jeannebarret.fr\/wp-content\/uploads\/2020\/03\/1-\u2013-9-Un-premier-roman-\u00e9crit-\u00e0-partir-de-ce-site.pdf\" target=\"_blank\">1 \u2013 9 Un premier roman \u00e9crit \u00e0 partir de ce site.<\/a><\/p>\n\n\t\t<\/div> \n\t<\/div> \n\t\t\t\t<\/div>\n\t\t\t<\/div> \n\n\t\t\t<div class=\"wpb_accordion_section group\">\n\t\t\t\t<h3 class=\"wpb_accordion_header ui-accordion-header\"><a href=\"#2-le-voyage-de-jeanne-barret-premiere-femme-qui-a-fait-le-tour-du-monde-par-daniel-margottat\">2 - Le voyage de Jeanne Barret, premi\u00e8re femme qui a fait le tour du monde, par Daniel Margottat.<\/a><\/h3>\n\t\t\t\t<div class=\"wpb_accordion_content ui-accordion-content vc_clearfix\">\n\t\t\t\t\n\t<div class=\"wpb_text_column wpb_content_element \">\n\t\t<div class=\"wpb_wrapper\">\n\t\t\t<p><a href=\"https:\/\/www.jeannebarret.fr\/wp-content\/uploads\/2020\/03\/2-\u2013-1-Le-\u00ab-subterfuge-Bar\u00e9-\u00bb-racont\u00e9-par-les-t\u00e9moins.pdf\" target=\"_blank\">2 \u2013 1 Le \u00ab\u00a0subterfuge Bar\u00e9\u00a0\u00bb racont\u00e9 par les t\u00e9moins<\/a>.<\/p>\n<p><a href=\"https:\/\/www.jeannebarret.fr\/wp-content\/uploads\/2020\/03\/2-\u2013-2-Retour-sur-le-voyage-jusqu\u2019au-d\u00e9barquement-\u00e0-l\u2019\u00eele-de-France.pdf\" target=\"_blank\">2 \u2013 2 Retour sur le voyage (jusqu\u2019au d\u00e9barquement \u00e0 l\u2019\u00eele de France).<\/a><\/p>\n<p><a href=\"https:\/\/www.jeannebarret.fr\/wp-content\/uploads\/2020\/03\/2-\u2013-3-Jeanne-Barret-et-Philibert-Commerson-\u00e0-l\u2019Ile-de-France-1768-\u2013-1773.pdf\" target=\"_blank\">2 \u2013 3 Jeanne Barret et Philibert Commerson \u00e0 l\u2019Ile de France 1768 \u2013 1773.<\/a><\/p>\n<p><a href=\"https:\/\/www.jeannebarret.fr\/wp-content\/uploads\/2020\/03\/2-\u2013-4-Jeanne-Barret-\u00e0-l\u2019\u00eele-de-France-l\u2019estaminet-Jean-Duberna-1770-\u2013-1774.pdf\" target=\"_blank\">2 \u2013 4 Jeanne Barret \u00e0 l\u2019\u00eele de France, l\u2019estaminet, Jean Duberna 1770 \u2013 1774.<\/a><\/p>\n<p><a href=\"https:\/\/www.jeannebarret.fr\/wp-content\/uploads\/2020\/03\/2-\u2013-5-Les-Dubernat-le-P\u00e9rigord-Versailles-le-P\u00e9rigord-\u2026-jusqu\u2019\u00e0-la-R\u00e9volution.pdf\" target=\"_blank\">2 \u2013 5 Les Dubernat, le P\u00e9rigord, Versailles, le P\u00e9rigord \u2026 jusqu\u2019\u00e0 la R\u00e9volution.<\/a><\/p>\n<p><a href=\"https:\/\/www.jeannebarret.fr\/wp-content\/uploads\/2020\/03\/2-\u2013-6-Jeanne-Barret-et-le-retour-des-collections-de-Philibert-Commerson-1773-\u2013-1774.pdf\" target=\"_blank\">2 \u2013 6 Jeanne Barret et le retour des collections de Philibert Commerson 1773 \u2013 1774.<\/a><\/p>\n<p><a href=\"https:\/\/www.jeannebarret.fr\/wp-content\/uploads\/2020\/03\/2-\u2013-7-La-succession-Commerson.pdf\" target=\"_blank\">2 \u2013 7 La succession Commerson.<\/a><\/p>\n\n\t\t<\/div> \n\t<\/div> \n\t\t\t\t<\/div>\n\t\t\t<\/div> \n\n\t\t\t<div class=\"wpb_accordion_section group\">\n\t\t\t\t<h3 class=\"wpb_accordion_header ui-accordion-header\"><a href=\"#3-les-origines-de-jeanne-barret-premiere-femme-qui-a-fait-le-tour-du-monde-par-daniel-margottat\">3 - Les origines de Jeanne Barret, premi\u00e8re femme qui a fait le tour du monde, par Daniel Margottat.<\/a><\/h3>\n\t\t\t\t<div class=\"wpb_accordion_content ui-accordion-content vc_clearfix\">\n\t\t\t\t\n\t<div class=\"wpb_text_column wpb_content_element \">\n\t\t<div class=\"wpb_wrapper\">\n\t\t\t<p><a href=\"https:\/\/www.jeannebarret.fr\/wp-content\/uploads\/2020\/03\/3-1-G\u00e9n\u00e9alogie-simplifi\u00e9e-1701-1816de-la-famille-de-Jean-Barret.pdf\" target=\"_blank\">3 \u2013 1 G\u00e9n\u00e9alogie simplifi\u00e9e (1701 \u2013 1816) de la famille de Jean Baret.<\/a><\/p>\n<p><a href=\"https:\/\/www.jeannebarret.fr\/wp-content\/uploads\/2020\/03\/3-2-G\u00e9n\u00e9alogie-Baret.pdf\" target=\"_blank\">3 \u2013 2 G\u00e9n\u00e9alogie Baret.<\/a><\/p>\n<p><a href=\"https:\/\/www.jeannebarret.fr\/wp-content\/uploads\/2020\/03\/3-3-Les-origines-le-Morvan-la-famille-Jean-Baret-la-Comelle.pdf\" target=\"_blank\">3 \u2013 3 Les origines, le Morvan, la famille, Jean Baret, La Comelle.<\/a><\/p>\n<p><a href=\"https:\/\/www.jeannebarret.fr\/wp-content\/uploads\/2020\/03\/3-4-Jeanne-Baret-la-soeur-a\u00een\u00e9e.pdf\" target=\"_blank\">3 \u2013 4 Jeanne Baret, la s\u0153ur a\u00een\u00e9e.<\/a><\/p>\n<p><a href=\"https:\/\/www.jeannebarret.fr\/wp-content\/uploads\/2020\/03\/3-5-Comparatif-entre-les-5-testaments-connus-de-Jeanne-Baret.pdf\" target=\"_blank\">3 \u2013 5 Comparatif entre les 5 testaments connus de Jeanne Barret.<\/a><\/p>\n\n\t\t<\/div> \n\t<\/div> \n\t\t\t\t<\/div>\n\t\t\t<\/div> \n\n\t\t\t<div class=\"wpb_accordion_section group\">\n\t\t\t\t<h3 class=\"wpb_accordion_header ui-accordion-header\"><a href=\"#4-la-vie-de-jeanne-barret-dans-le-morvan\">4 - La vie de Jeanne Barret dans le Morvan.<\/a><\/h3>\n\t\t\t\t<div class=\"wpb_accordion_content ui-accordion-content vc_clearfix\">\n\t\t\t\t\n\t<div class=\"wpb_text_column wpb_content_element \">\n\t\t<div class=\"wpb_wrapper\">\n\t\t\t<p><a href=\"https:\/\/www.jeannebarret.fr\/wp-content\/uploads\/2020\/03\/4-1-Naissance-et-d\u00e9c\u00e8s-de-Jeanne-Barret-1740-1743.pdf\" target=\"_blank\">4 \u2013 1 Naissance et d\u00e9c\u00e8s de Jeanne Barret 1740 \u2013 1743.<\/a><\/p>\n<p><a href=\"https:\/\/www.jeannebarret.fr\/wp-content\/uploads\/2020\/03\/4-2-D\u00e9c\u00e8s-de-Jeanne-Barret-1737-1777.pdf\" target=\"_blank\">4 \u2013 2 D\u00e9c\u00e8s de Jeanne Barret 1737\u00a0\u2013 1777.<\/a><\/p>\n<p><a href=\"https:\/\/www.jeannebarret.fr\/wp-content\/uploads\/2020\/03\/4-3-D\u00e9claration-de-grossesse-de-Jeanne-Barret.pdf\" target=\"_blank\">4 \u2013 3 D\u00e9claration de grossesse de Jeanne Barret.<\/a><\/p>\n<p><a href=\"https:\/\/www.jeannebarret.fr\/wp-content\/uploads\/2020\/03\/4-4-Philibert-Commerson-biographie-son-physique-son-caract\u00e8re.pdf\" target=\"_blank\">4 \u2013 4 Philibert Commerson, biographie sommaire, personnalit\u00e9 et caract\u00e8re.<\/a><\/p>\n<p>4 \u2013 5 Philibert Commerson \u00e0 Toulon sur Arroux <em><strong>(en cours de d\u00e9veloppement).<\/strong><\/em><\/p>\n\n\t\t<\/div> \n\t<\/div> \n\t\t\t\t<\/div>\n\t\t\t<\/div> \n\n\t\t\t<div class=\"wpb_accordion_section group\">\n\t\t\t\t<h3 class=\"wpb_accordion_header ui-accordion-header\"><a href=\"#5-la-vie-de-jeanne-barret-et-philibert-commerson-a-paris\">5 - La vie de Jeanne Barret et Philibert Commerson \u00e0 Paris.<\/a><\/h3>\n\t\t\t\t<div class=\"wpb_accordion_content ui-accordion-content vc_clearfix\">\n\t\t\t\t\n\t<div class=\"wpb_text_column wpb_content_element \">\n\t\t<div class=\"wpb_wrapper\">\n\t\t\t<p><a href=\"https:\/\/www.jeannebarret.fr\/wp-content\/uploads\/2020\/03\/5-1-Jeanne-Barret-est-officiellement-gouvernante.pdf\" target=\"_blank\">5 \u2013 1 Jeanne Barret est officiellement gouvernante de P. Commerson.<\/a><\/p>\n<p><a href=\"https:\/\/www.jeannebarret.fr\/wp-content\/uploads\/2020\/03\/5-2-Limmeuble-de-Philibert-Commerson-et-de-Jeanne-Barret.pdf\" target=\"_blank\">5 \u2013 2 L\u2019immeuble de Jeanne Barret et de Philibert Commerson.<\/a><\/p>\n<p><a href=\"https:\/\/www.jeannebarret.fr\/wp-content\/uploads\/2020\/03\/5-3-Jeanne-Barret-habite-13-rue-des-Boulangers-\u00e0-Paris.pdf\" target=\"_blank\">5 \u2013 3 Jeanne Barret habite au 13 rue des Boulangers \u00e0 Paris.<\/a><\/p>\n<p><a href=\"https:\/\/www.jeannebarret.fr\/wp-content\/uploads\/2020\/03\/5-4-Lappartement-\u00e0-Paris-de-Philibert-Commerson-et-de-Jeanne-Barret.pdf\" target=\"_blank\">5 \u2013 4 L\u2019appartement de Jeanne Barret et de Philibert Commerson.<\/a><\/p>\n<p><a href=\"https:\/\/www.jeannebarret.fr\/wp-content\/uploads\/2020\/03\/5-5-Inventaire-meuble-et-effets-de-Jeanne-Barret.pdf\" target=\"_blank\">5 \u2013 5 Inventaire des meubles et des effets de l\u2019appartement.<\/a><\/p>\n<p><a href=\"https:\/\/www.jeannebarret.fr\/wp-content\/uploads\/2020\/03\/5-6-Les-v\u00eatements-et-linges-de-J.barret-et-P.Commerson-\u00e0-Paris.pdf\" target=\"_blank\">5 \u2013 6 Les v\u00eatements et linges de Jeanne Barret.<\/a><\/p>\n<p><a href=\"https:\/\/www.jeannebarret.fr\/wp-content\/uploads\/2020\/03\/5-7-Jean-Pierre-Baret-nest-pas-lenfant-de-Jeanne-Barret.pdf\" target=\"_blank\">5 \u2013 7 Jean Pierre Baret n\u2019est pas l\u2019enfant de Jeanne Barret et P. Commerson.<\/a><\/p>\n<p><a href=\"https:\/\/www.jeannebarret.fr\/wp-content\/uploads\/2020\/03\/5-8-Lenfant-de-Jeanne-Barret.pdf\" target=\"_blank\">5 \u2013 8 L\u2019enfant de Jeanne Barret et P. Commerson.<\/a><\/p>\n<p><a href=\"https:\/\/www.jeannebarret.fr\/wp-content\/uploads\/2020\/03\/5-9-Original-copie-Testament-de-Philibert-Commerson-du-15-d\u00e9cembre-1766.pdf\" target=\"_blank\">5 \u2013 9 Testament de Philibert Commerson\u00a0: copie de l\u2019original.<\/a><\/p>\n<p><a href=\"https:\/\/www.jeannebarret.fr\/wp-content\/uploads\/2020\/03\/5-10-Testament-de-Philibert-Commerson-Transcription-par-J.Monnier.pdf\" target=\"_blank\">5 \u2013 10 Testament de Philibert Commerson\u00a0: transcription par J. Monnier.<\/a><\/p>\n<p><a href=\"https:\/\/www.jeannebarret.fr\/wp-content\/uploads\/2020\/03\/5-11-Jeanne-Barret-doit-rester-\u00e0-Paris-et-P.Commerson-part-avec-Bougainville.pdf\" target=\"_blank\">5 \u2013 11 Jeanne Barret reste \u00e0 Paris et P. Commerson part avec Bougainville.<\/a><\/p>\n\n\t\t<\/div> \n\t<\/div> \n\t\t\t\t<\/div>\n\t\t\t<\/div> \n\n\t\t\t<div class=\"wpb_accordion_section group\">\n\t\t\t\t<h3 class=\"wpb_accordion_header ui-accordion-header\"><a href=\"#6-le-voyage-de-jeanne-barret-dans-lexpedition-du-tour-du-monde-de-bougainville\">6 - Le voyage de Jeanne Barret dans l\u2019exp\u00e9dition du tour du monde de Bougainville.<\/a><\/h3>\n\t\t\t\t<div class=\"wpb_accordion_content ui-accordion-content vc_clearfix\">\n\t\t\t\t\n\t<div class=\"wpb_text_column wpb_content_element \">\n\t\t<div class=\"wpb_wrapper\">\n\t\t\t<p><a href=\"https:\/\/www.jeannebarret.fr\/wp-content\/uploads\/2020\/03\/6-1-Lexp\u00e9dition-au-tour-du-monde-de-Bougainvile.pdf\" target=\"_blank\">6 \u2013 1 L\u2019exp\u00e9dition au tour du monde de Bougainville. Brest (d\u00e9cembre 1766) \u2013 Saint \u2013 Malo (mars 1769).<\/a><\/p>\n<p><a href=\"https:\/\/www.jeannebarret.fr\/wp-content\/uploads\/2020\/03\/6-2-La-fr\u00e9gate-la-Boudeuse-de-lexp\u00e9dition-au-tour-du-monde-de-Bougainville.pdf\" target=\"_blank\">6 \u2013 2 La fr\u00e9gate la Boudeuse pour le tour du monde de Bougainville.<\/a><\/p>\n<p><a href=\"https:\/\/www.jeannebarret.fr\/wp-content\/uploads\/2020\/03\/6-3-La-flute-lEtoile-de-lexp\u00e9dition-au-tour-du-monde-de-Bougaiville.pdf\" target=\"_blank\">6 \u2013 3 La fl\u00fbte l\u2019\u00c9toile pour le tour du monde de Bougainville.<\/a><\/p>\n<p><a href=\"https:\/\/www.jeannebarret.fr\/wp-content\/uploads\/2020\/03\/6-4-La-navigation-de-la-Boudeuse-et-de-lEtoile.pdf\" target=\"_blank\">6 \u2013 4 La navigation de la Boudeuse et de l\u2019Etoile de l\u2019exp\u00e9dition pour le tour du monde de Bougainville.<\/a><\/p>\n<p><a href=\"https:\/\/www.jeannebarret.fr\/wp-content\/uploads\/2020\/03\/6-5-La-mission-de-P.Commerson-dans-l\u2019exp\u00e9dition-du-tour-du-monde-de-Bougainville.pdf\" target=\"_blank\">6 \u2013 5 La mission de P. Commerson dans l\u2019exp\u00e9dition du tour du monde de Bougainville.<\/a><\/p>\n<p><a href=\"https:\/\/www.jeannebarret.fr\/wp-content\/uploads\/2020\/03\/6-6-Jeanne-Barret-est-pr\u00e9paratrice-en-naturalia.pdf\" target=\"_blank\">6 \u2013 6 Jeanne Barret est pr\u00e9paratrice en naturalia (botanique).<\/a><\/p>\n<p><a href=\"https:\/\/www.jeannebarret.fr\/wp-content\/uploads\/2020\/03\/6-7-Jeanne-Barret-valet-d\u00e9guis\u00e9-de-P.Commerson.pdf\" target=\"_blank\">6 \u2013 7 Jeanne Barret n\u2019a pas le droit de suivre son ma\u00eetre P. Commerson. Elle se d\u00e9guise en homme.<\/a><\/p>\n<p><a href=\"https:\/\/www.jeannebarret.fr\/wp-content\/uploads\/2020\/03\/6-8-Le-valet-\u00ab-Jean-Barret-\u00bbpartage-la-chambre-de-P.Commerson-\u00e0-continuer.pdf\" target=\"_blank\">6 \u2013 8 Le valet \u00ab\u00a0Jean Bar\u00e9\u00a0\u00bbpartage la chambre de P.\u00a0 Commerson.<\/a><\/p>\n<p><a href=\"https:\/\/www.jeannebarret.fr\/wp-content\/uploads\/2020\/03\/6-9-Jeanne-Barret-est-malade-en-Am\u00e9rique-du-Sud.pdf\" target=\"_blank\">6 \u2013 9 Jeanne Barret est malade en Am\u00e9rique du Sud.<\/a><\/p>\n<p><a href=\"https:\/\/www.jeannebarret.fr\/wp-content\/uploads\/2020\/03\/6-10-L.es-premiers-soup\u00e7ons-sur-le-sexe-de-Jeanna-Barret.pdf\" target=\"_blank\">6 \u2013 10 Les premiers soup\u00e7ons sur le sexe de Jeanne Barret.<\/a><\/p>\n<p><a href=\"https:\/\/www.jeannebarret.fr\/wp-content\/uploads\/2020\/03\/6-11-Tahiti-plus-de-doute-\u00ab-Jean-Barret-\u00bb-le-valet-de-P.Commerson-est-une-femme.pdf\" target=\"_blank\">6 \u2013 11 Tahiti\u00a0: plus de doute, le valet de P.\u00a0 Commerson est une femme.<\/a><\/p>\n<p><a href=\"https:\/\/www.jeannebarret.fr\/wp-content\/uploads\/2020\/03\/6-12-les-domestiques-d\u00e9couvrent-le-v\u00e9ritable-sexe-de-Jeanne-Barret.pdf\" target=\"_blank\">6 \u2013 12 Les domestiques d\u00e9couvrent le v\u00e9ritable sexe de \u00ab\u00a0Jean Bar\u00e9\u00a0\u00bb.<\/a><\/p>\n<p><a href=\"https:\/\/www.jeannebarret.fr\/wp-content\/uploads\/2020\/03\/6-13-Jeanne-Barret-\u00ab-la-b\u00eate-de-somme-\u00bb-de-P.Commerson.-Les-r\u00e9coltes-le-terrain.pdf\" target=\"_blank\">6 \u2013 13 Jeanne Barret la \u00ab\u00a0b\u00eate de somme\u00a0\u00bb de P. Commerson.<\/a><\/p>\n<p><a href=\"https:\/\/www.jeannebarret.fr\/wp-content\/uploads\/2020\/03\/6-14-Jeanne-Barret-vue-et-racont\u00e9e-par-le-chirurgien-Vivez.-Transcription-et-manuscrit-de-Versailles.pdf\" target=\"_blank\">6 \u2013 14 Jeanne Barret vue et racont\u00e9e par VIVES. Transcription du manuscrit de Versailles.<\/a><\/p>\n<p><a href=\"https:\/\/www.jeannebarret.fr\/wp-content\/uploads\/2020\/03\/6-15-Jeanne-Barret-vue-et-racont\u00e9e-par-le-chirurgien-Vivez.-Transcription-et-manuscrit-de-Rochefort.pdf\" target=\"_blank\">6 \u2013 15 Jeanne Barret vue et racont\u00e9e par VIVES. Transcription du manuscrit de Rochefort.<\/a><\/p>\n<p><a href=\"https:\/\/www.jeannebarret.fr\/wp-content\/uploads\/2020\/03\/6-16-Jeanne-Barret-vue-et-racont\u00e9e-par-le-chirurgien-Vivez.-Comparaison-des-manuscrits.pdf\" target=\"_blank\">6 \u2013 16 Jeanne Barret vue et racont\u00e9e par VIVES.Comparaison des manuscrits.<\/a><\/p>\n<p><a href=\"https:\/\/www.jeannebarret.fr\/wp-content\/uploads\/2020\/03\/6-17-Jeanne-Barret-vue-et-racont\u00e9e-par-de-Bougainville.pdf\" target=\"_blank\">6 \u2013 17\u00a0 Jeanne Barret vue et racont\u00e9e par Bougainville.<\/a><\/p>\n<p><a href=\"https:\/\/www.jeannebarret.fr\/wp-content\/uploads\/2020\/03\/6-18-Jeanne-Barret-vue-et-racont\u00e9e-par-le-Prince-de-Nassau.pdf\" target=\"_blank\">6 \u2013 18 Jeanne Barret vue et racont\u00e9e par le prince de Nassau.<\/a><\/p>\n<p><a href=\"https:\/\/www.jeannebarret.fr\/wp-content\/uploads\/2020\/03\/6-19-Jeanne-Barret-vue-et-racont\u00e9e-par-l\u2019\u00e9crivain-Saint-Germain.pdf\" target=\"_blank\">6 \u2013 19 Jeanne Barret vue et racont\u00e9e par l\u2019\u00e9crivain Saint Germain.<\/a><\/p>\n<p><a href=\"https:\/\/www.jeannebarret.fr\/wp-content\/uploads\/2020\/03\/6-20-Jeanne-Barret-dans-les-\u00e9crits-de-Lalande.pdf\" target=\"_blank\">6 \u2013 20 Jeanne Barret dans les \u00e9crits de Lalande, ami d\u2019enfance de P. Commerson.<\/a><\/p>\n<p><a href=\"https:\/\/www.jeannebarret.fr\/wp-content\/uploads\/2020\/03\/6-21-Jeanne-Barret-dans-les-\u00e9crits-de-F.de-Montessus.pdf\" target=\"_blank\">6 \u2013 21 Jeanne Barret dans les \u00e9crits de F. de Montessus.<\/a><\/p>\n<p><a href=\"https:\/\/www.jeannebarret.fr\/wp-content\/uploads\/2020\/03\/6-22-Jeanne-Barret-dans-les-\u00e9crits-et-racont\u00e9e-par-P.-Commerson.pdf\" target=\"_blank\">6 \u2013 22 Jeanne Barret vue et racont\u00e9e par P. Commerson.<\/a><\/p>\n<p><a href=\"https:\/\/www.jeannebarret.fr\/wp-content\/uploads\/2020\/03\/6-23-Jeanne-Barret-description-physique.pdf\" target=\"_blank\">6 \u2013 23 Jeanne Barret\u00a0: description physique.<\/a><\/p>\n\n\t\t<\/div> \n\t<\/div> \n\t\t\t\t<\/div>\n\t\t\t<\/div> \n\n\t\t\t<div class=\"wpb_accordion_section group\">\n\t\t\t\t<h3 class=\"wpb_accordion_header ui-accordion-header\"><a href=\"#7-la-vie-de-jeanne-barret-a-lile-de-france-maurice-1768-1774\">7 - La vie de Jeanne Barret \u00e0 l\u2019\u00eele de France (Maurice) 1768 \u2013 1774.<\/a><\/h3>\n\t\t\t\t<div class=\"wpb_accordion_content ui-accordion-content vc_clearfix\">\n\t\t\t\t\n\t<div class=\"wpb_text_column wpb_content_element \">\n\t\t<div class=\"wpb_wrapper\">\n\t\t\t<p><a href=\"https:\/\/www.jeannebarret.fr\/wp-content\/uploads\/2020\/03\/7-1-Jeanne-Barret-arrive-\u00e0-Port-Louis-Ile-de-France.pdf\" target=\"_blank\">7 \u2013 1 Jeanne Barret arrive \u00e0 Port-Louis (\u00eele de France) le 9 novembre 1768.<\/a><\/p>\n<p><a href=\"https:\/\/www.jeannebarret.fr\/wp-content\/uploads\/2020\/03\/7-2-Jeanne-Barret-et-P.Commerson-d\u00e9barquent-et-restent-\u00e0-l\u00eele-de-France.pdf\" target=\"_blank\">7 \u2013 2 Jeanne Barret et P.Commerson d\u00e9barquent et restent \u00e0 Port-Louis (\u00eele de France).<\/a><\/p>\n<p><a href=\"https:\/\/www.jeannebarret.fr\/wp-content\/uploads\/2020\/03\/7-3-Jeanne-Barret-et-Philibert-Commerson-d\u00e9barquent-et-ne-restent-pas-seuls-\u00e0-Ile-de-France.pdf\" target=\"_blank\">7 \u2013 3 Jeanne Barret et P.Commerson ne d\u00e9barquent pas seuls \u00e0 Port-Louis (\u00eele de France).<\/a><\/p>\n<p><a href=\"https:\/\/www.jeannebarret.fr\/wp-content\/uploads\/2020\/03\/7-4-Aper\u00e7u-sur-les-Baret-\u2013-Barret-\u2013Bar\u00e9-\u2013-Barr\u00e9.pdf\" target=\"_blank\">7 \u2013 4 Aper\u00e7u sur les Baret \u2013 Barret \u2013 Barr\u00e9 \u00eele de France.<\/a><\/p>\n<p><a href=\"https:\/\/www.jeannebarret.fr\/wp-content\/uploads\/2020\/03\/7-5-Jeanne-Barret-re\u00e7oit-la-d\u00e9dicace-d\u2019une-fleur.pdf\" target=\"_blank\">7 \u2013 5 Jeanne Barret re\u00e7oit la d\u00e9dicace d\u2019une plante nouvelle\u00a0: la <strong><em>Baretia<\/em><\/strong> par P. Commerson.<\/a><\/p>\n<p><a href=\"https:\/\/www.jeannebarret.fr\/wp-content\/uploads\/2020\/03\/7-6-P.Commerson-supprime-sa-d\u00e9dicace-\u00e0-Jeanne-Barret.pdf\" target=\"_blank\">7 \u2013 6 P. Commerson retire sa d\u00e9dicace \u00e0 Jeanne Barret.<\/a><\/p>\n<p><a href=\"https:\/\/www.jeannebarret.fr\/wp-content\/uploads\/2020\/03\/7-7-Jeanne-Baret-re\u00e7oit-une-concession.pdf\" target=\"_blank\">7 \u2013 7 Jeanne Barret re\u00e7oit une concession \u00e0 Port-Louis (\u00eele de France) le 12 ao\u00fbt 1770.<\/a><\/p>\n<p><a href=\"https:\/\/www.jeannebarret.fr\/wp-content\/uploads\/2020\/03\/7-8-Localisation-de-la-concession-de-Jeanne-Barret.pdf\" target=\"_blank\">7 \u2013 8 Localisation de la concession de Jeanne Barret \u00e0 Port-Louis (\u00eele de France).<\/a><\/p>\n<p><a href=\"https:\/\/www.jeannebarret.fr\/wp-content\/uploads\/2020\/03\/7-9-Jeanne-Barret-re\u00e7oit-une-amende-de-police.pdf\" target=\"_blank\">7 \u2013 9 Jeanne Barret re\u00e7oit une amende de la police le 12 novembre 1773.<\/a><\/p>\n<p><a href=\"https:\/\/www.jeannebarret.fr\/wp-content\/uploads\/2020\/03\/7-10-Jeanne-Barret-\u00e0-les-honneurs-de-la-presse-de-Lisle-de-France-et-de-Bourbon.pdf\" target=\"_blank\">7 \u2013 10 Jeanne Barret a les honneurs de la presse de l\u2019\u00eele de France et de Bourbon le 8 d\u00e9cembre 1773.<\/a><\/p>\n<p><a href=\"https:\/\/www.jeannebarret.fr\/wp-content\/uploads\/2020\/03\/7-11-Jeanne-Barret-tient-une-cantine-bar-et-jeux.pdf\" target=\"_blank\">7 \u2013 11 Jeanne Barret tient une cantine, bar avec jeux dans le quartier du Port \u00e0 Port-Louis.<\/a><\/p>\n<p><a href=\"https:\/\/www.jeannebarret.fr\/wp-content\/uploads\/2020\/03\/7-12-Les-boisons-de-la-cantine-de-Jeanne-Barret.pdf\" target=\"_blank\">7 \u2013 12 Les boissons de la cantine-bar de Jeanne Barret.<\/a><\/p>\n<p><a href=\"https:\/\/www.jeannebarret.fr\/wp-content\/uploads\/2020\/03\/7-13-Jeanne-Barret-au-sein-de-la-population-de-l\u2019\u00eele-de-France.pdf\" target=\"_blank\">7 \u2013 13 Jeanne barret au sein de la population de l\u2019\u00eele de France.<\/a><\/p>\n<p><a href=\"https:\/\/www.jeannebarret.fr\/wp-content\/uploads\/2020\/03\/7-14-Jeanne-Barret-et-le-marquis-de-SERCEY.pdf\" target=\"_blank\">7 \u2013 14 Jeanne Barret et le marquis de Sercey.<\/a><\/p>\n<p><a href=\"https:\/\/www.jeannebarret.fr\/wp-content\/uploads\/2020\/03\/7-15-Jeanne-Barret-et-le-tahitien-AOTOUROU.pdf\" target=\"_blank\">7 \u2013 15 Jeanne Barret et le tahitien Aotourou ou Boutaveris.<\/a><\/p>\n<p>7 \u2013 16 Aotourou le Tahitien repart \u00e0 Tahiti <em><strong>(en d\u00e9veloppement).<\/strong><\/em><\/p>\n<p><a href=\"https:\/\/www.jeannebarret.fr\/wp-content\/uploads\/2020\/03\/7-17-Jeanne-Barret-et-les-esclaves-de-P.Commerson.pdf\" target=\"_blank\">7 \u2013 17 Jeanne Barret\u00a0: l\u2019esclavage, ses esclaves et ceux de P. Commerson.<\/a><\/p>\n<p><a href=\"https:\/\/www.jeannebarret.fr\/wp-content\/uploads\/2020\/03\/7-18-Jeanne-Barret-nest-pas-pr\u00e9sente-dans-la-maison-rue-de-Bourbon-de-Commerson.pdf\" target=\"_blank\">7 \u2013 18 P. Commerson ach\u00e9te une maison rue de Bourbon \u00e0 Port-Louis (\u00eele de France).<\/a><\/p>\n<p><a href=\"https:\/\/www.jeannebarret.fr\/wp-content\/uploads\/2020\/03\/7-19-P.Commerson-ach\u00e8te-une-maison-Rue-des-Pamplemousse-\u00e0-Port-Louis.pdf\" target=\"_blank\">7 \u2013 19 P. Commerson ach\u00e9te une maison au 194 rue des Pamplemousses \u00e0 Port-Louis (\u00eele de France).<\/a><\/p>\n<p><a href=\"https:\/\/www.jeannebarret.fr\/wp-content\/uploads\/2020\/03\/7-20-commerson-d\u00e9c\u00e8s-annonce-B\u00e9zac.pdf\" target=\"_blank\">7 \u2013 20 Mort de P. Commerson le 13 novembre 1773 \u00e0 Flacq. Annonce par M.Bezac.<\/a><\/p>\n<p><a href=\"https:\/\/www.jeannebarret.fr\/wp-content\/uploads\/2020\/03\/7-21-commerson-d\u00e9c\u00e8s-\u00e9tat-civil.pdf\" target=\"_blank\">7 \u2013 21 D\u00e9c\u00e8s de P. Commerson\u00a0: inscription dans les registres.<\/a><\/p>\n<p><a href=\"https:\/\/www.jeannebarret.fr\/wp-content\/uploads\/2020\/03\/7-22-Jeanne-Barret-nest-pas-pr\u00e9sente-\u00e0-la-mort-de-P.Commerson.pdf\" target=\"_blank\">7 \u2013 22 Jeanne Barret n\u2019est pas pr\u00e9sente lors de la mort de P. Commerson.<\/a><\/p>\n<p><a href=\"https:\/\/www.jeannebarret.fr\/wp-content\/uploads\/2020\/03\/7-23-Jeanne-Barret-annonce-le-d\u00e9c\u00e8s-de-P.Commerson-\u00e0-C.Vachier.pdf\" target=\"_blank\">7 \u2013 23 Jeanne Barret annonce la mort de P.Commerson \u00e0 C. Vachier, ex\u00e9cuteur testamentaire de P. Commerson.<\/a><\/p>\n<p><a href=\"https:\/\/www.jeannebarret.fr\/wp-content\/uploads\/2020\/03\/7-24-Jeanne-Barret-ne-participe-pas-\u00e0-l\u2019inventaire-des-biens-et-collections.pdf\" target=\"_blank\">7 \u2013 24 Jeanne Barret ne participe pas \u00e0 l\u2019inventaire des biens et des collections de P. Commerson.<\/a><\/p>\n<p><a href=\"https:\/\/www.jeannebarret.fr\/wp-content\/uploads\/2020\/03\/7-25-Jeanne-Barret-ne-participe-pas-\u00e0-la-mise-en-caisse-et-le-retour-des-collections-de-P.Commerson..pdf\" target=\"_blank\">7 \u2013 25 Jeanne Barret ne participe pas \u00e0 l\u2019inventaire, \u00e0 la mise en caisse et au retour des collections de P. Commerson.<\/a><\/p>\n<p><a href=\"https:\/\/www.jeannebarret.fr\/wp-content\/uploads\/2020\/03\/7-26-Jeanne-Barret-n\u2019a-aucun-effet-dans-la-maison-de-P.Commerson.pdf\" target=\"_blank\">7 \u2013 26 Jeanne Barret n\u2019a pas d\u2019effets et de linge dans la maison de P. Commerson \u00e0 Port-Louis (\u00eele de France).<\/a><\/p>\n<p><a href=\"https:\/\/www.jeannebarret.fr\/wp-content\/uploads\/2020\/03\/7-27-Mariage-de-Jeanne-Barret-avec-Jean-Dubernat.pdf\" target=\"_blank\">7 \u2013 27 Mariage de Jeanne Barret et de Jean Dubernat le 17 mai 1774 \u00e0 Port-Louis (\u00eele de France).<\/a><\/p>\n<p><a href=\"https:\/\/www.jeannebarret.fr\/wp-content\/uploads\/2020\/03\/7-28-Jeanne-Barret-n\u2019est-pas-pr\u00e9sente-lors-du-Conseil-de-famille-du-fils-de-Commerson.pdf\" target=\"_blank\">7 \u2013 28 Jeanne Barret n\u2019est pas pr\u00e9sente lors de la mise en place du Conseil de Tutelle du fils de P. Commerson.<\/a><\/p>\n<p><a href=\"https:\/\/www.jeannebarret.fr\/wp-content\/uploads\/2020\/03\/7-\u2013-29.-Philibert-Commerson-\u00e0-la-veille-de-sa-mort-veut-changer-son-testament.pdf\" target=\"_blank\">7 \u2013 29 Philibert Commerson \u00e0 a veille de sa mort veut changer son testament.<\/a><\/p>\n\n\t\t<\/div> \n\t<\/div> \n\t\t\t\t<\/div>\n\t\t\t<\/div> \n\n\t\t\t<div class=\"wpb_accordion_section group\">\n\t\t\t\t<h3 class=\"wpb_accordion_header ui-accordion-header\"><a href=\"#8-le-retour-en-france-de-jeanne-barret-et-sa-vie-dans-le-perigord\">8 - Le retour en France de Jeanne barret et sa vie dans le P\u00e9rigord.<\/a><\/h3>\n\t\t\t\t<div class=\"wpb_accordion_content ui-accordion-content vc_clearfix\">\n\t\t\t\t\n\t<div class=\"wpb_text_column wpb_content_element \">\n\t\t<div class=\"wpb_wrapper\">\n\t\t\t<p><a href=\"https:\/\/www.jeannebarret.fr\/wp-content\/uploads\/2020\/03\/8-1-Jeanne-barret-est-inform\u00e9e-par-Cl\u00e9riade-Vachier-sur-la-succession.pdf\" target=\"_blank\">8 \u2013 1 Jeanne Barret est inform\u00e9e par C.Vachier des modalit\u00e9s de la succession de P. Commerson.<\/a><\/p>\n<p><a href=\"https:\/\/www.jeannebarret.fr\/wp-content\/uploads\/2020\/03\/8-2-Jeanne-Barret-et-Jean-Dubernat-dans-le-P\u00e9rigord.pdf\" target=\"_blank\">8 \u2013 2 Jeanne Barret et Jean Dubernat dans le P\u00e9rigord.<\/a><\/p>\n<p><a href=\"https:\/\/www.jeannebarret.fr\/wp-content\/uploads\/2020\/03\/8-3-Jeanne-Barret-re\u00e7oit-largent-de-la-vente-son-legs-et-ses-gages.pdf\" target=\"_blank\">8 \u2013 3 Jeanne Barret re\u00e7oit l\u2019argent de la vente, son legs et ses gages.<\/a><\/p>\n<p><a href=\"https:\/\/www.jeannebarret.fr\/wp-content\/uploads\/2020\/03\/8-4-Jeanne-Barret-re\u00e7ue-\u00e0-Versailles-et-prot\u00e9g\u00e9e-par-la-Reine.pdf\" target=\"_blank\">8 \u2013 4 Jeanne Barret reue \u00e0 Versailles et \u00ab\u00a0prot\u00e9g\u00e9e\u00a0\u00bb de la Reine.<\/a><\/p>\n<p><a href=\"https:\/\/www.jeannebarret.fr\/wp-content\/uploads\/2020\/03\/8-5-Pensionn\u00e9e-du-Roi-13-novembre-1785.pdf\" target=\"_blank\">8 \u2013 5 Jeanne Barret re\u00e7oit une pension du Roi le 13 novembre 1785.<\/a><\/p>\n<p><a href=\"https:\/\/www.jeannebarret.fr\/wp-content\/uploads\/2020\/03\/8-6-D\u00e9c\u00e8s-de-Jeanne-Barret-en-Dordogne.pdf\" target=\"_blank\">8 \u2013 6 D\u00e9c\u00e8s de Jeanne Barret.<\/a><\/p>\n<p>8 \u2013 7 Jeanne Barret\u00a0: r\u00e9sum\u00e9 sur sa vie en Dordogne<em><strong> (en d\u00e9veloppement).<\/strong><\/em><\/p>\n\n\t\t<\/div> \n\t<\/div> \n\t\t\t\t<\/div>\n\t\t\t<\/div> \n\n\t\t\t<div class=\"wpb_accordion_section group\">\n\t\t\t\t<h3 class=\"wpb_accordion_header ui-accordion-header\"><a href=\"#9-philibert-commerson\">9 - Philibert Commerson.<\/a><\/h3>\n\t\t\t\t<div class=\"wpb_accordion_content ui-accordion-content vc_clearfix\">\n\t\t\t\t\n\t<div class=\"wpb_text_column wpb_content_element \">\n\t\t<div class=\"wpb_wrapper\">\n\t\t\t<p>9 \u2013 1 Philibert Commerson, sa famille, ses \u00e9tudes\u2026 <strong><em>(en d\u00e9veloppement).<\/em><\/strong><\/p>\n<p>9 \u2013 2 Philibert Commerson, le m\u00e9decin\u2026 <strong><em>(en d\u00e9veloppement).<\/em><\/strong><\/p>\n<p>9 \u2013 3 Philibert Commerson, le collectionneur\u2026 <strong><em>(en d\u00e9veloppement).<\/em><\/strong><\/p>\n<p>9 \u2013 4 Philibert Commerson, le scientifique\u2026 <strong><em>(en d\u00e9veloppement).<\/em><\/strong><\/p>\n<p><a href=\"https:\/\/www.jeannebarret.fr\/wp-content\/uploads\/2020\/03\/9-5-Etat-de-sant\u00e9-de-P.Commerson-par-D.Margottat.pdf\" target=\"_blank\">9 \u2013 5 Etat de sant\u00e9 de Philibert Commerson, par D.Margottat.<\/a><\/p>\n<p>9 \u2013 6 Souvenirs de Philibert Commerson \u00e0 l\u2019\u00eele Maurice en 2020 <strong><em>(en d\u00e9veloppement).<\/em><\/strong><\/p>\n\n\t\t<\/div> \n\t<\/div> \n\t\t\t\t<\/div>\n\t\t\t<\/div> \n\n\t\t\t<div class=\"wpb_accordion_section group\">\n\t\t\t\t<h3 class=\"wpb_accordion_header ui-accordion-header\"><a href=\"#10-les-collections-de-p-commerson-et-de-j-barret-lors-de-lexpedition-de-bougainville\">10 \u2013 Les collections de P. Commerson et de J. Barret lors de l\u2019exp\u00e9dition de Bougainville.<\/a><\/h3>\n\t\t\t\t<div class=\"wpb_accordion_content ui-accordion-content vc_clearfix\">\n\t\t\t\t\n\t<div class=\"wpb_text_column wpb_content_element \">\n\t\t<div class=\"wpb_wrapper\">\n\t\t\t<p>10 \u2013 1 Une fausse information\u00a0: Jeanne Barret ne ram\u00e8ne pas les collections en France <strong>(en d\u00e9veloppement).<\/strong><\/p>\n<p>10 \u2013 2 Une fausse information\u00a0: les collections ne sont pas en \u00ab\u00a0vrac\u00a0\u00bb <strong>(en d\u00e9veloppement).<\/strong><\/p>\n<p>10 \u2013 3 Une fausse information\u00a0: les manuscrits ne sont pas des brouillons <strong>(en d\u00e9veloppement).<\/strong><\/p>\n<p>10 \u2013 4 Les collections de P. Commerson ont \u00e9t\u00e9 mises en s\u00e9curit\u00e9 \u00e0 son d\u00e9c\u00e8s <strong>(en d\u00e9veloppement).<\/strong><\/p>\n<p>10 \u2013 5 Le rangement des collections de P. Commerson \u00e0 l\u2019\u00eele de France <strong>(en d\u00e9veloppement).<\/strong><\/p>\n<p>10 \u2013 6 D\u00e9signation de Cossigny pour le convoiement des collections de P. Commerson <strong>(en d\u00e9veloppement).<\/strong><\/p>\n<p>10 \u2013 7 Les collections de P. Commerson au d\u00e9part de l\u2019\u00eele de France <strong>(en d\u00e9veloppement).<\/strong><\/p>\n<p>10 \u2013 8 Le convoiement pour la France des collections de P.Commerson <strong>(en d\u00e9veloppement).<\/strong><\/p>\n<p>10 \u2013 9 Contestation sur la propri\u00e9t\u00e9 des collections de P. Commerson <strong>(en d\u00e9veloppement).<\/strong><\/p>\n<p>10 \u2013 10 Avis sur la collection par Lemonier, Jussieu, Cuvier&#8230; <strong>(en d\u00e9veloppement).<\/strong><\/p>\n<p>10 \u2013 11 La localisation (la dispersion, l\u2019abandon, la disparition\u2026) des collections de P. Commerson <strong>(en d\u00e9veloppement).<\/strong><\/p>\n<p>10 \u2013 12 Les types et figur\u00e9s dans la collection de poissons de P. Commerson <strong>(en d\u00e9veloppement).<\/strong><\/p>\n<p>10 \u2013 13 Les types et figur\u00e9s dans la collection de botanique de P. Commerson <strong>(en d\u00e9veloppement).<\/strong><\/p>\n<p>10 \u2013 14 Les types et figur\u00e9s dans les autres collections de P. Commerson <strong>(en d\u00e9veloppement).<\/strong><\/p>\n<p>10 \u2013 15 Les scientifiques\u00a0: qu\u2019ont-ils faits du travail scientifique de P. Commerson <strong>(en d\u00e9veloppement).<\/strong><\/p>\n\n\t\t<\/div> \n\t<\/div> \n\t\t\t\t<\/div>\n\t\t\t<\/div> \n\n\t\t\t<div class=\"wpb_accordion_section group\">\n\t\t\t\t<h3 class=\"wpb_accordion_header ui-accordion-header\"><a href=\"#11-qui-est-jeanne-mercedier\">11 \u2013 Qui est Jeanne Mercedier ?<\/a><\/h3>\n\t\t\t\t<div class=\"wpb_accordion_content ui-accordion-content vc_clearfix\">\n\t\t\t\t\n\t<div class=\"wpb_text_column wpb_content_element \">\n\t\t<div class=\"wpb_wrapper\">\n\t\t\t<p><a href=\"https:\/\/www.jeannebarret.fr\/wp-content\/uploads\/2020\/03\/11-1-Jeanne-Mercedier-dans-le-testament-de-P.Commerson.pdf\" target=\"_blank\">11 \u2013 1 Jeanne Mercedier dans le testament de P. Commerson.<\/a><\/p>\n<p><a href=\"https:\/\/www.jeannebarret.fr\/wp-content\/uploads\/2020\/03\/11-2-De-Montessus-a-supprim\u00e9-le-passage-concernant-dame-Mercedier-dans-le-testament.pdf\" target=\"_blank\">11 \u2013 2 F. de Montessus a supprim\u00e9 Jeanne Mercedier du testament de P. Commerson.<\/a><\/p>\n<p><a href=\"https:\/\/www.jeannebarret.fr\/wp-content\/uploads\/2020\/03\/11-3-Jeanne-Mercedier-nourrice-de-lenfant-de-P.Commerson-et-de-J.Barret.pdf\" target=\"_blank\">11 \u2013 3 Jeanne Mercedier, nourrice de l\u2019enfant de l\u2019enfant de J.Barret et P. Commerson\u00a0?<\/a><\/p>\n<p><a href=\"https:\/\/www.jeannebarret.fr\/wp-content\/uploads\/2020\/03\/11-4-Testament-de-Jeanne-Mercedier-enregistrement.pdf\" target=\"_blank\">11 \u2013 4 Testament de Jeanne Mercedier \u2013 enregistrement.<\/a><\/p>\n<p><a href=\"https:\/\/www.jeannebarret.fr\/wp-content\/uploads\/2020\/03\/11-5-Testament-de-Jeanne-Mercedier-ex\u00e9cution.pdf\" target=\"_blank\">11 \u2013 5 Testament de Jeanne Mercedier \u2013 ex\u00e9cution.<\/a><\/p>\n<p><a href=\"https:\/\/www.jeannebarret.fr\/wp-content\/uploads\/2020\/03\/11-6-D\u00e9c\u00e8s-de-Jeanne-Mercedier-en-1775.pdf\" target=\"_blank\">11 \u2013 6 D\u00e9c\u00e8s de Jeanne Mercedier en 1775.<\/a><\/p>\n\n\t\t<\/div> \n\t<\/div> \n\t\t\t\t<\/div>\n\t\t\t<\/div> \n\n\t\t\t<div class=\"wpb_accordion_section group\">\n\t\t\t\t<h3 class=\"wpb_accordion_header ui-accordion-header\"><a href=\"#12-qui-est-la-veritable-jeanne-barret-une-usurpation-didentite\">12 \u2013 Qui est la v\u00e9ritable Jeanne Barret ? une usurpation d\u2019identit\u00e9 !<\/a><\/h3>\n\t\t\t\t<div class=\"wpb_accordion_content ui-accordion-content vc_clearfix\">\n\t\t\t\t\n\t<div class=\"wpb_text_column wpb_content_element \">\n\t\t<div class=\"wpb_wrapper\">\n\t\t\t<p><a href=\"https:\/\/www.jeannebarret.fr\/wp-content\/uploads\/2020\/03\/12-1-Les-faits-Jeanne-Barret-qui-aurait-fait-le-tour-du-monde.pdf\" target=\"_blank\">12 \u2013 1 Les faits\u00a0: qui est la Jeanne Barret qui a fait le tour du monde\u00a0?<\/a><\/p>\n<p><a href=\"https:\/\/www.jeannebarret.fr\/wp-content\/uploads\/2020\/03\/12-2-Jeanne-Barret-1729-1807-aurait-elle-fait-le-tour-du-monde.pdf\" target=\"_blank\">12 \u2013 2 Jeanne Barret n\u00e9e en 1729 aurait-elle \u00e9t\u00e9 celle du tour du monde\u00a0?<\/a><\/p>\n<p><a href=\"https:\/\/www.jeannebarret.fr\/wp-content\/uploads\/2020\/03\/12-3-Les-diff\u00e9rents-noms-de-Jeanne-Barret-et-autres-noms-intrigants.pdf\" target=\"_blank\">12 \u2013 3 Les diff\u00e9rents noms de Jeanne Barret et autres noms intrigants.<\/a><\/p>\n<p><a href=\"https:\/\/www.jeannebarret.fr\/wp-content\/uploads\/2020\/03\/12-4-Laquelle-est-la-Jeanne-Barret.pdf\" target=\"_blank\">12 \u2013 4 Jeanne Barret, laquelle ? la \u00bd s\u0153ur\u00a0? une fille Mercedier\u00a0? o\u00f9\u00a0?<\/a><\/p>\n<p><a href=\"https:\/\/www.jeannebarret.fr\/wp-content\/uploads\/2020\/03\/12-5-Jeanne-Barret-sait-elle-lire-et-\u00e9crire-signatures-Jeanne-Barret-par-D.Margottat.pdf\" target=\"_blank\">12 \u2013 5 Jeanne Barret sait-elle lire et \u00e9crire\u00a0? ses signatures connues.<\/a><\/p>\n\n\t\t<\/div> \n\t<\/div> \n\t\t\t\t<\/div>\n\t\t\t<\/div> \n\n\t\t\t<div class=\"wpb_accordion_section group\">\n\t\t\t\t<h3 class=\"wpb_accordion_header ui-accordion-header\"><a href=\"#13-transcriptions-de-documents-par-daniel-margottat\">13 -Transcriptions de documents, par Daniel Margottat.<\/a><\/h3>\n\t\t\t\t<div class=\"wpb_accordion_content ui-accordion-content vc_clearfix\">\n\t\t\t\t\n\t<div class=\"wpb_text_column wpb_content_element \">\n\t\t<div class=\"wpb_wrapper\">\n\t\t\t<p><a href=\"https:\/\/www.jeannebarret.fr\/wp-content\/uploads\/2020\/03\/13-1-Inventaire-des-biens-de-P.Commerson-\u00e0-l\u00eele-de-France-par-page-1-\u00e0-50-par-Daniel-Margottat..pdf\" target=\"_blank\">13 \u2013 1 Inventaire par pages des Biens de la maison du 194 rue des Pamplemousses \u00e0 Port-Louis (ile de de France). 1773. Par page 1 \u00e0 50. Transcription\u00a0: D. Margottat.<\/a><\/p>\n<p><a href=\"https:\/\/www.jeannebarret.fr\/wp-content\/uploads\/2020\/03\/13-2-Inventaire-des-biens-de-P.Commerson-\u00e0-l\u00eele-de-France-par-page-de-51-\u00e0-105-par-Daniel-Margottat..pdf\" target=\"_blank\">13 \u2013 2 Inventaire par pages des Biens de la maison du 194 rue des Pamplemousses \u00e0 Port-Louis (ile de de France). 1773. Par page 51 \u00e0 105. Transcription\u00a0: D. Margottat.<\/a><\/p>\n<p><a href=\"https:\/\/www.jeannebarret.fr\/wp-content\/uploads\/2020\/03\/13-3-Inventaire-des-biens-de-P.Commerson-\u00e0-l\u00eele-de-france-par-vacation-de-la-premi\u00e8re-\u00e0-la-6\u00e8me-par-Daniel-Margottat.pdf\" target=\"_blank\">13 \u2013 3 Inventaire des Biens de la maison du 194 rue des Pamplemousses \u00e0 Port-Louis (ile de de France). 1773. Par vacation de la premi\u00e8re \u00e0 la 6i\u00e8me. Transcription\u00a0: D. Margottat.<\/a><\/p>\n<p><a href=\"https:\/\/www.jeannebarret.fr\/wp-content\/uploads\/2020\/03\/13-4-Inventaire-des-biens-de-P.Commerson-\u00e0-l\u00eele-de-france-par-vacation-de-la-7\u00e8me-\u00e0-18\u00e8me-par-Daniel-Margottat.pdf\" target=\"_blank\">13 \u2013 4 Inventaire des Biens de la maison du 194 rue des Pamplemousses \u00e0 Port-Louis (ile de de France). 1773. Par vacation de la 7i\u00e8me \u00e0 la 18i\u00e8me. Transcription\u00a0: D. Margottat.<\/a><\/p>\n<p><a href=\"https:\/\/www.jeannebarret.fr\/wp-content\/uploads\/2020\/03\/13-5-Succession-de-P.Commerson-Etude-Regnault-1774-1776-par-page-par-Daniel-Margottat.pdf\" target=\"_blank\">13 \u2013 5 Documents de la succession de P. Commerson. Etude Regnault.1774. Par page Transcription\u00a0: D. Margottat.<\/a><\/p>\n<p><a href=\"https:\/\/www.jeannebarret.fr\/wp-content\/uploads\/2020\/03\/13-6-Sucession-de-P.Commerson.-Etude-Regnault-1774-1776-par-vacation-par-Daniel-Margottat.pdf\" target=\"_blank\">13 \u2013 6 Documents de la succession de P. Commerson. Etude Regnault. 1774. Par vacation. Transcription\u00a0: D. Margottat.<\/a><\/p>\n\n\t\t<\/div> \n\t<\/div> \n\t\t\t\t<\/div>\n\t\t\t<\/div> \n\n\t\t\t<div class=\"wpb_accordion_section group\">\n\t\t\t\t<h3 class=\"wpb_accordion_header ui-accordion-header\"><a href=\"#100-remerciements-et-bibliographie\">100 - Remerciements et bibliographie.<\/a><\/h3>\n\t\t\t\t<div class=\"wpb_accordion_content ui-accordion-content vc_clearfix\">\n\t\t\t\t\n\t<div class=\"wpb_text_column wpb_content_element \">\n\t\t<div class=\"wpb_wrapper\">\n\t\t\t<p><a href=\"https:\/\/www.jeannebarret.fr\/wp-content\/uploads\/2020\/03\/1-Remerciements-pour-le-site.pdf\" target=\"_blank\">1 \u2013 Remerciements.<\/a><\/p>\n<p><a href=\"https:\/\/www.jeannebarret.fr\/wp-content\/uploads\/2020\/03\/2-Bibliographie.pdf\" target=\"_blank\">2 \u2013 Bibliographie (hors roman) sur Jeanne Barret, premi\u00e8re femme qui a fait le tour du monde.<\/a><\/p>\n\n\t\t<\/div> \n\t<\/div> \n\t\t\t\t<\/div>\n\t\t\t<\/div> \n\n\t\t\t<div class=\"wpb_accordion_section group\">\n\t\t\t\t<h3 class=\"wpb_accordion_header ui-accordion-header\"><a href=\"#200-les-auteurs-et-publications\">200 - Les auteurs et publications<\/a><\/h3>\n\t\t\t\t<div class=\"wpb_accordion_content ui-accordion-content vc_clearfix\">\n\t\t\t\t\n\t<div class=\"wpb_text_column wpb_content_element \">\n\t\t<div class=\"wpb_wrapper\">\n\t\t\t<p><a href=\"https:\/\/www.jeannebarret.fr\/wp-content\/uploads\/2020\/03\/1-Qui-\u00eates-vous-Gilles-Pacaud.pdf\" target=\"_blank\">1 <span class=\"st\"> \u2013 <\/span>Qui \u00eates-vous Gilles Pacaud\u00a0?<\/a><\/p>\n<p><a href=\"https:\/\/www.jeannebarret.fr\/wp-content\/uploads\/2020\/03\/2-Qui-\u00eates-vous-Jocelyne-Pacaud-B\u00e9reau.pdf\" target=\"_blank\">2<span class=\"st\"> \u2013 <\/span>Qui \u00eates-vous Jocelyne Pacaud-B\u00e9reau\u00a0?<\/a><\/p>\n<p><a href=\"https:\/\/www.jeannebarret.fr\/wp-content\/uploads\/2020\/03\/3-Publication-en-conservation.pdf\" target=\"_blank\">3<span class=\"st\"> \u2013 <\/span>Publications en conservation.<\/a><\/p>\n<p><a href=\"https:\/\/www.jeannebarret.fr\/wp-content\/uploads\/2020\/03\/4-Publication-en-sciences.pdf\" target=\"_blank\">4<span class=\"st\"> \u2013 <\/span>Publications en mus\u00e9ographie.<\/a><\/p>\n<p><a href=\"https:\/\/www.jeannebarret.fr\/wp-content\/uploads\/2020\/03\/5-Publication-en-mus\u00e9ographie.pdf\" target=\"_blank\">5<span class=\"st\"> \u2013 <\/span>Publications en sciences.<\/a><\/p>\n\n\t\t<\/div> \n\t<\/div> \n\t\t\t\t<\/div>\n\t\t\t<\/div> \n\n\t\t<\/div> \n\t<\/div> \n\t\t<\/div> \n\t<\/div> \n<\/div>\n","protected":false},"excerpt":{"rendered":"0 \u2013 Accueil. Section vide. \u00c9ditez une page pour ajouter du contenu ici 1 - En pr\u00e9liminaire. 1 \u2013 1 Hommage des auteurs. 1 \u2013 2 Avertissement\u00a0: site 2014 et 2020. 1 \u2013 3 Pour une vraie histoire de Jeanne Barret. 1 \u2013 4 Portrait physique de Jeanne Barret. 1 \u2013 5 Jeanne Barret et [...]","protected":false},"author":3,"featured_media":0,"parent":0,"menu_order":0,"comment_status":"open","ping_status":"open","template":"page-full.php","meta":{"footnotes":""},"class_list":["post-29","page","type-page","status-publish","hentry"],"aioseo_notices":[],"_links":{"self":[{"href":"https:\/\/www.jeannebarret.fr\/index.php?rest_route=\/wp\/v2\/pages\/29","targetHints":{"allow":["GET"]}}],"collection":[{"href":"https:\/\/www.jeannebarret.fr\/index.php?rest_route=\/wp\/v2\/pages"}],"about":[{"href":"https:\/\/www.jeannebarret.fr\/index.php?rest_route=\/wp\/v2\/types\/page"}],"author":[{"embeddable":true,"href":"https:\/\/www.jeannebarret.fr\/index.php?rest_route=\/wp\/v2\/users\/3"}],"replies":[{"embeddable":true,"href":"https:\/\/www.jeannebarret.fr\/index.php?rest_route=%2Fwp%2Fv2%2Fcomments&post=29"}],"version-history":[{"count":59,"href":"https:\/\/www.jeannebarret.fr\/index.php?rest_route=\/wp\/v2\/pages\/29\/revisions"}],"predecessor-version":[{"id":542,"href":"https:\/\/www.jeannebarret.fr\/index.php?rest_route=\/wp\/v2\/pages\/29\/revisions\/542"}],"wp:attachment":[{"href":"https:\/\/www.jeannebarret.fr\/index.php?rest_route=%2Fwp%2Fv2%2Fmedia&parent=29"}],"curies":[{"name":"wp","href":"https:\/\/api.w.org\/{rel}","templated":true}]}}